{"id":6,"date":"2025-05-21T16:45:57","date_gmt":"2025-05-21T14:45:57","guid":{"rendered":"http:\/\/lisalla.cluster100.hosting.ovh.net\/?page_id=6"},"modified":"2025-05-21T16:45:57","modified_gmt":"2025-05-21T14:45:57","slug":"6-2","status":"publish","type":"page","link":"https:\/\/lisallaitement.fr\/index.php\/6-2\/","title":{"rendered":""},"content":{"rendered":"\n<h1 class=\"wp-block-heading has-text-align-center has-vertical-secondary-to-background-gradient-background has-text-color has-background\" style=\"color:#8b0000;margin-top:0;margin-bottom:0;font-size:63px\"><strong><em>Lisa Badin<\/em><\/strong><br><strong><em>Consultante en Lactation \u00e0 Strasbour<\/em><\/strong><em><strong>g<\/strong><\/em><\/h1>\n\n\n\n<p class=\"has-text-align-center has-text-color has-link-color has-source-serif-pro-font-family has-large-font-size wp-elements-0cb27d67fb56cd2ef590f739ea2711fa\" style=\"color:#8b0000\">Pour un allaitement qui vous ressemble<\/p>\n\n\n\n<p style=\"border-radius:0px;margin-top:0;margin-right:0px;margin-bottom:0;margin-left:0px\"><br><br>L&rsquo;allaitement est naturel, mais pas inn\u00e9, il peut \u00eatre instinctif quand on se fait confiance, et comme tout apprentissage \u00e7a peut prendre du temps. Des difficult\u00e9s peuvent apparaitre, des douleurs, ou simplement des questionnements. En effet, l&rsquo;allaitement est en constante \u00e9volution, rien n&rsquo;est acquis, et cela peut parfois \u00eatre d\u00e9stabilisant.<br>Il est normal d&rsquo;\u00eatre fatigu\u00e9e, de douter, d\u2019en avoir marre, d\u2019avoir besoin d\u2019aide et quand vous exprimez vos ressentis vous avez le droit d&rsquo;\u00eatre \u00e9cout\u00e9e et soutenue. Parce que parfois allaiter est difficile et vous avez juste envie de le dire sans \u00eatre jug\u00e9e.<br>Il me semble important en tant que jeunes parents d&rsquo;\u00eatre bien entour\u00e9s et accompagn\u00e9s dans ce chemin qu&rsquo;est la parentalit\u00e9. J&rsquo;ai d\u00e9couvert que sans un bon accompagnement, l&rsquo;allaitement pouvait \u00eatre mis \u00e0 mal, voire abandonn\u00e9, c&rsquo;est pourquoi il est primordial de vous donner toutes les informations et ressources n\u00e9cessaires pour que tout se passe comme vous le d\u00e9sirez.<br>Chaque allaitement est unique, c&rsquo;est une histoire \u00e0 \u00e9crire en famille, en fonction de vos d\u00e9sirs, vos valeurs, vos attentes, tout en respectant les besoins de votre enfant.<\/p>\n\n\n\n<pre class=\"wp-block-verse has-text-color has-link-color has-large-font-size wp-elements-2e84bd058061155a8600097b617e8dc9\" style=\"color:#8b0000\"><strong>Vous \u00eates enceinte ?<\/strong><\/pre>\n\n\n\n<p>Vous vous appr\u00eatez \u00e0 agrandir votre famille et souhaitez mettre toutes les chances de votre c\u00f4t\u00e9 pour r\u00e9ussir votre allaitement?<br>Vous n&rsquo;\u00eates pas s\u00fbre de vouloir allaiter et aimeriez en savoir plus sur l&rsquo;allaitement?<br>Vous avez d\u00e9j\u00e0 allait\u00e9 mais tout ne s\u2019est pas pass\u00e9 comme vous le d\u00e9siriez?<\/p>\n\n\n\n<pre class=\"wp-block-verse has-text-align-right has-text-color has-link-color has-large-font-size wp-elements-220a41b159685ca0e5bc264f34149490\" style=\"color:#8b0000\"><strong>Vous allaitez ?<\/strong><\/pre>\n\n\n\n<div class=\"wp-block-group is-nowrap is-layout-flex wp-container-core-group-is-layout-6c531013 wp-block-group-is-layout-flex\">\n<figure class=\"wp-block-image size-full is-resized\"><img loading=\"lazy\" decoding=\"async\" width=\"635\" height=\"579\" src=\"http:\/\/lisalla.cluster100.hosting.ovh.net\/wp-content\/uploads\/2025\/05\/Logo-1.jpg\" alt=\"\" class=\"wp-image-22\" style=\"width:169px;height:auto\" srcset=\"https:\/\/lisallaitement.fr\/wp-content\/uploads\/2025\/05\/Logo-1.jpg 635w, https:\/\/lisallaitement.fr\/wp-content\/uploads\/2025\/05\/Logo-1-300x274.jpg 300w\" sizes=\"auto, (max-width: 635px) 100vw, 635px\" \/><\/figure>\n\n\n\n<p class=\"has-text-align-right wp-container-content-9cfa9a5a\">Vous rencontrez des difficult\u00e9s?<br>Vous avez des douleurs?<br>Une baisse de lactation\u00a0?<br>Vous reprenez le travail ?<br>Vous aimeriez un autre rythme d&rsquo;allaitement ?<\/p>\n<\/div>\n\n\n\n<pre class=\"wp-block-verse has-text-color has-link-color has-large-font-size wp-elements-d85f2cee146c9748f92b6f213bb07d47\" style=\"color:#8b0000\"><strong>Vous souhaitez arr\u00eater votre allaitement ?<\/strong><\/pre>\n\n\n\n<p>Vous avez des questions sur le sevrage?<br>Votre enfant refuse de s&rsquo;alimenter autrement qu&rsquo;au sein?<\/p>\n\n\n\n<p><br><\/p>\n\n\n\n<p class=\"has-vertical-secondary-to-background-gradient-background has-background has-medium-font-size\" style=\"border-radius:100px;margin-top:0;margin-right:0;margin-left:0\">Je suis l\u00e0 pour vous aider \u00e0 pr\u00e9parer, d\u00e9marrer, stimuler, continuer ou ralentir\u00a0votre allaitement avec douceur et s\u00e9r\u00e9nit\u00e9. Je prends le temps de vous \u00e9couter, je vous laisse la place d\u2019exprimer ce que vous avez sur le c\u0153ur, les difficult\u00e9s ressenties, les doutes, les peurs, les questionnements. Dans un second temps je vous propose un accompagnement adapt\u00e9 \u00e0 vos besoins. Pour que chaque transition se fasse en douceur.<br>Je me suis entour\u00e9e d\u2019autres professionnelles form\u00e9es \u00e0 l\u2019allaitement, tels que des m\u00e9decins, p\u00e9diatres, ost\u00e9opathes, chiropracteurs et orthophonistes, afin de vous proposer un accompagnement le plus complet possible.<br><\/p>\n\n\n\n<div class=\"wp-block-media-text has-media-on-the-right is-stacked-on-mobile is-image-fill-element\" style=\"border-style:none;border-width:0px;border-radius:0px;margin-right:0;margin-left:0;grid-template-columns:auto 42%\"><div class=\"wp-block-media-text__content\">\n<p class=\"has-text-align-center has-medium-font-size\" style=\"margin-top:0;margin-right:0;margin-bottom:0;margin-left:0\">Je m&rsquo;appelle Lisa, j&rsquo;ai 30 ans et j&rsquo;accompagne les familles depuis 10 ans maintenant. Apr\u00e8s ma formation d&rsquo;auxiliaire de pu\u00e9riculture je pensais \u00eatre suffisamment arm\u00e9e pour r\u00e9pondre aux questionnements des jeunes parents sur l&rsquo;allaitement. Je me suis vite rendue compte que ce n&rsquo;\u00e9tait pas le cas et je me suis sentie tr\u00e8s frustr\u00e9e de ne pas pouvoir accompagner les familles.<br>C&rsquo;est pourquoi j&rsquo;ai d\u00e9cid\u00e9 en 2024 d&rsquo;approfondir mes connaissances en allaitement en suivant la formation de Flora Jimenez, via mille et une tribus.<\/p>\n<\/div><figure class=\"wp-block-media-text__media\"><img loading=\"lazy\" decoding=\"async\" width=\"702\" height=\"865\" src=\"http:\/\/lisalla.cluster100.hosting.ovh.net\/wp-content\/uploads\/2025\/05\/IMG_6050-1.jpg\" alt=\"\" class=\"wp-image-46 size-full\" style=\"object-position:52% 47%\" srcset=\"https:\/\/lisallaitement.fr\/wp-content\/uploads\/2025\/05\/IMG_6050-1.jpg 702w, https:\/\/lisallaitement.fr\/wp-content\/uploads\/2025\/05\/IMG_6050-1-243x300.jpg 243w\" sizes=\"auto, (max-width: 702px) 100vw, 702px\" \/><\/figure><\/div>\n\n\n\n<p class=\"has-vertical-secondary-to-background-gradient-background has-background\" style=\"border-radius:100px\">Je vous propose de venir \u00e0 votre domicile, pour prendre le temps de vous \u00e9couter, afin de r\u00e9pondre \u00e0 vos questions et vous accompagner dans tous vos choix concernant l&rsquo;alimentation de votre enfant. J&rsquo;organise aussi des ateliers sur l&rsquo;allaitement au&nbsp;tiers lieu Pachamamas &#8211; 1 passage d&rsquo;Osthouse \u00e0 Strasbourg &#8211;&nbsp;<a href=\"https:\/\/www.instagram.com\/tierslieu_pachamamas\/\">https:\/\/www.instagram.com\/tierslieu_pachamamas\/<\/a> .<br><\/p>\n\n\n\n<div class=\"wp-block-group is-vertical is-content-justification-center is-nowrap is-layout-flex wp-container-core-group-is-layout-857ef822 wp-block-group-is-layout-flex\">\n<div class=\"wp-block-group is-vertical is-layout-flex wp-container-core-group-is-layout-fe9cc265 wp-block-group-is-layout-flex\">\n<p class=\"has-text-align-center\"><strong>Je me d\u00e9place en v\u00e9lo sur toute l&rsquo;euro m\u00e9tropole de Strasbourg.<\/strong><\/p>\n<\/div>\n\n\n\n<figure class=\"wp-block-image size-full\"><img loading=\"lazy\" decoding=\"async\" width=\"763\" height=\"566\" src=\"http:\/\/lisalla.cluster100.hosting.ovh.net\/wp-content\/uploads\/2025\/05\/Rayon-velo-1.png\" alt=\"\" class=\"wp-image-38\" srcset=\"https:\/\/lisallaitement.fr\/wp-content\/uploads\/2025\/05\/Rayon-velo-1.png 763w, https:\/\/lisallaitement.fr\/wp-content\/uploads\/2025\/05\/Rayon-velo-1-300x223.png 300w\" sizes=\"auto, (max-width: 763px) 100vw, 763px\" \/><\/figure>\n<\/div>\n\n\n\n<pre class=\"wp-block-verse has-text-color has-link-color has-large-font-size wp-elements-00fb7673a1f93fdd478755ee728f6cac\" style=\"color:#8b0000\"><strong>Tarifs<\/strong><\/pre>\n\n\n\n<p>55\u20ac : Consultation pr\u00e9natale<br>65\u20ac : 1\u00e8re consultation d&rsquo;allaitement<br>50\u20ac : Suivi \u00e0 domicile (2<sup>\u00e8me<\/sup> consultation ou plus)<br>40\u20ac : Suivi en consultation visio (2<sup>\u00e8me<\/sup> consultation ou plus)<br>90\u20ac : Consultation pr\u00e9natale + 1 consultation lors du premier mois de vie de votre enfant<br>20\u20ac&nbsp;: Ateliers collectifs (donnant acc\u00e8s \u00e0 une 1<sup>\u00e8re<\/sup> consultation \u00e0 50\u20ac)<\/p>\n\n\n\n<pre class=\"wp-block-verse has-text-color has-link-color has-large-font-size wp-elements-a57fcfe8039981ad006881e9ccc12219\" style=\"color:#8b0000\"><strong>Moyens de paiement<\/strong><\/pre>\n\n\n\n<p>Ch\u00e8ques, ch\u00e8ques CESU, virement, esp\u00e8ce.<br>Je n\u2019accepte PAS les paiements en carte bancaire.<br>Les consultations ne sont pas prises en charge par l\u2019assurance maladie, certains contrats de mutuelle offrent une prise en charge.<br><\/p>\n\n\n\n<pre class=\"wp-block-verse has-text-color has-link-color has-large-font-size wp-elements-0e516887b133a7369f23194ab1cc5947\" style=\"color:#8b0000\"><strong>Contact<\/strong><\/pre>\n\n\n\n<div class=\"wp-block-group is-content-justification-space-between is-nowrap is-layout-flex wp-container-core-group-is-layout-cb46ffcb wp-block-group-is-layout-flex\">\n<div class=\"wp-block-group is-nowrap is-layout-flex wp-container-core-group-is-layout-6c531013 wp-block-group-is-layout-flex\">\n<p class=\"has-foreground-color has-text-color\">badinlisa@gmail.com<br>Materneo<\/p>\n<\/div>\n\n\n\n<figure class=\"wp-block-image size-large is-resized has-custom-border\"><img loading=\"lazy\" decoding=\"async\" width=\"695\" height=\"1024\" src=\"http:\/\/lisalla.cluster100.hosting.ovh.net\/wp-content\/uploads\/2025\/05\/Goutte-deau-695x1024.png\" alt=\"\" class=\"wp-image-10\" style=\"border-style:none;border-width:0px;border-radius:0px;width:47px;height:auto\" srcset=\"https:\/\/lisallaitement.fr\/wp-content\/uploads\/2025\/05\/Goutte-deau-695x1024.png 695w, https:\/\/lisallaitement.fr\/wp-content\/uploads\/2025\/05\/Goutte-deau-204x300.png 204w, https:\/\/lisallaitement.fr\/wp-content\/uploads\/2025\/05\/Goutte-deau-768x1131.png 768w, https:\/\/lisallaitement.fr\/wp-content\/uploads\/2025\/05\/Goutte-deau-1043x1536.png 1043w, https:\/\/lisallaitement.fr\/wp-content\/uploads\/2025\/05\/Goutte-deau-1391x2048.png 1391w, https:\/\/lisallaitement.fr\/wp-content\/uploads\/2025\/05\/Goutte-deau.png 1477w\" sizes=\"auto, (max-width: 695px) 100vw, 695px\" \/><\/figure>\n<\/div>\n\n\n\n<p><\/p>\n","protected":false},"excerpt":{"rendered":"<p>Lisa BadinConsultante en Lactation \u00e0 Strasbourg Pour un allaitement qui vous ressemble L&rsquo;allaitement est naturel, mais pas inn\u00e9, il peut \u00eatre instinctif quand on se fait confiance, et comme tout apprentissage \u00e7a peut prendre du temps. Des difficult\u00e9s peuvent apparaitre, des douleurs, ou simplement des questionnements. En effet, l&rsquo;allaitement est en constante \u00e9volution, rien n&rsquo;est [&hellip;]<\/p>\n","protected":false},"author":1,"featured_media":0,"parent":0,"menu_order":0,"comment_status":"closed","ping_status":"closed","template":"","meta":{"footnotes":""},"class_list":["post-6","page","type-page","status-publish","hentry"],"_links":{"self":[{"href":"https:\/\/lisallaitement.fr\/index.php\/wp-json\/wp\/v2\/pages\/6","targetHints":{"allow":["GET"]}}],"collection":[{"href":"https:\/\/lisallaitement.fr\/index.php\/wp-json\/wp\/v2\/pages"}],"about":[{"href":"https:\/\/lisallaitement.fr\/index.php\/wp-json\/wp\/v2\/types\/page"}],"author":[{"embeddable":true,"href":"https:\/\/lisallaitement.fr\/index.php\/wp-json\/wp\/v2\/users\/1"}],"replies":[{"embeddable":true,"href":"https:\/\/lisallaitement.fr\/index.php\/wp-json\/wp\/v2\/comments?post=6"}],"version-history":[{"count":54,"href":"https:\/\/lisallaitement.fr\/index.php\/wp-json\/wp\/v2\/pages\/6\/revisions"}],"predecessor-version":[{"id":69,"href":"https:\/\/lisallaitement.fr\/index.php\/wp-json\/wp\/v2\/pages\/6\/revisions\/69"}],"wp:attachment":[{"href":"https:\/\/lisallaitement.fr\/index.php\/wp-json\/wp\/v2\/media?parent=6"}],"curies":[{"name":"wp","href":"https:\/\/api.w.org\/{rel}","templated":true}]}}